{"version":"1.0","provider_name":"Eleven Ruhat\u00e1r","provider_url":"https:\/\/elevenruhatar.cafeblog.hu","author_name":"Gy\u00f6ngyi Sz\u00f6ll\u0151si-Simon","author_url":"https:\/\/elevenruhatar.cafeblog.hu\/author\/elevenmuhelygmail-com\/","title":"2018 trendjei-kock\u00e1s","html":"<p><img class=\"size-large wp-image-1765 aligncenter\" src=\"https:\/\/elevenruhatar.cafeblog.hu\/files\/2018\/02\/ddc8d30e03a8d9f4fc324c9bffe4dce4-400x600.jpg\" alt=\"\" width=\"400\" height=\"600\" \/><\/p>\r\n<p>Bizony\u00e1ra m\u00e1r Ti is \u00e9szrevett\u00e9tek, hogy milyen n\u00e9pszer\u0171 id\u00e9n a kock\u00e1s. Kis kock\u00e1s \u00e9s nagy kock\u00e1s egyar\u00e1nt! Tov\u00e1bbi trendekr\u0151l <a href=\"https:\/\/elevenruhatar.cafeblog.hu\/2017\/06\/15\/eloretekintes-5-trend-201718-osz-tel\/\">itt<\/a> olvashatsz, de most egy kicsit m\u00e1shogy k\u00f6zel\u00edtem meg a kock\u00e1s mint\u00e1t...<\/p>\r\n<p>K\u00e9t \u00e9rdekes kock\u00e1s minta t\u00f6rt\u00e9net\u00e9t emeln\u00e9m ki, amely m\u00e1r nagyon r\u00e9g\u00f3ta h\u00f3d\u00edt, ez a tartanok t\u00f6rt\u00e9nete,ahol is minden kl\u00e1nnak m\u00e1s kock\u00e1s mint\u00e1ja volt, ebb\u0151l k\u00e9sz\u00fclt sk\u00f3t kilteket hordva lehetett tudni, ki milyen csal\u00e1dhoz tartozik. Ma m\u00e1r csak a sz\u00e9p mint\u00e1k bukkannak fel egyre \u00fajabb form\u00e1ban \u00e9s sz\u00ednekben.\u00a0 A m\u00e1sik pedig az Eszterh\u00e1zy.<\/p>\r\n<div>\r\n<h2 style=\"text-align: center\">A sk\u00f3t kock\u00e1k t\u00f6rt\u00e9nete<\/h2>\r\n<\/div>\r\n<div class=\"txtbold\">\u00a0Noha ezt a fajta sz\u00f6v\u00e9si technik\u00e1t \u00e9s a \u201ekock\u00e1s\u201d sz\u0151tteseket m\u00e1r a gallok, a kelt\u00e1k \u00e9s a vikingek is ismert\u00e9k, illetve tudunk feljegyz\u00e9sekr\u0151l 1471-b\u0151l, \u00e9s az 1570-es \u00e9vekb\u0151l is, a ma ismert sk\u00f3t tartanok \u2013 vagyis azok a mint\u00e1k, melyek alapj\u00e1n az egyes kl\u00e1nok megk\u00fcl\u00f6nb\u00f6ztetik magukat \u2013 az eddigi kutat\u00e1sok alapj\u00e1n csak az 1600-as \u00e9vek els\u0151 fel\u00e9t\u0151l kezdve alakultak ki.<\/div>\r\n<p>A sk\u00f3t n\u00e9pviselet \u2013 abban a form\u00e1j\u00e1ban, ahogy mi ma ismerj\u00fck \u2013 egy k\u00f6zel 400 \u00e9ves fejl\u0151d\u00e9s eredm\u00e9nyek\u00e9nt a 19-20. sz\u00e1zad fordul\u00f3ja, illetve a 20. sz\u00e1zad eleje k\u00f6z\u00f6tti id\u0151szakban v\u00e1lt t\u00f6bb\u00e9-kev\u00e9sb\u00e9 v\u00e9glegess\u00e9. Form\u00e1l\u00f3d\u00e1s\u00e1ban jelent\u0151s szerep jutott egyfel\u0151l az angol uralom ellen\u00e9ben egyre ink\u00e1bb \u00f6ntudatra \u00e9bred\u0151 nemess\u00e9g nemzeti identit\u00e1s\u00e1nak, valamint \u2013 \u00e9s ez kev\u00e9sb\u00e9 \u00e1ltal\u00e1nos m\u00e1s eur\u00f3pai kult\u00far\u00e1kn\u00e1l \u2013 a brit korona \u201ek\u00edv\u00e1ns\u00e1g\u00e1ra\u201d fel\u00e1ll\u00edtott regul\u00e1ris alakulatoknak. Ez ut\u00f3bbiak k\u00f6r\u00e9ben terjedt el \u2013 els\u0151sorban gazdas\u00e1goss\u00e1ga miatt \u2013 a hagyom\u00e1nyos sk\u00f3t n\u00e9pviselet radik\u00e1lis \u00e1talakul\u00e1s\u00e1t \u00e9s meg\u00fajul\u00e1s\u00e1t jelent\u0151 \u201esk\u00f3t szoknya\u201d, vagyis a kilt. A jakobit\u00e1k 1746-os Culloden-i veres\u00e9ge ut\u00e1n az angolok t\u00f6rv\u00e9nyben (Dress Act, 1747) tiltott\u00e1k a sk\u00f3t n\u00e9pviselet \u00e9s kult\u00fara minden t\u00e1rgyiasult form\u00e1j\u00e1t \u2013 mely a felkel\u00e9s idej\u00e9n a nemzeti ellen\u00e1ll\u00e1s jelk\u00e9p\u00e9v\u00e9 lett \u2013, \u00e9s b\u00e1rkit, aki megszegte a t\u00f6rv\u00e9nyt hat h\u00f3napra beb\u00f6rt\u00f6n\u00f6zt\u00e9k, \u00fajabb alkalom eset\u00e9n pedig sz\u00e1m\u0171zt\u00e9k.<\/p>\r\n<p>A t\u00f6rv\u00e9nyt 1782-ben vont\u00e1k vissza; ez id\u0151 alatt egyed\u00fcl a brit hadsereg sk\u00f3t ezredei haszn\u00e1lhattak kiltet, mintegy megk\u00fcl\u00f6nb\u00f6ztet\u0151 jelz\u00e9sk\u00e9nt. E 35 \u00e9v alatt sz\u00e1mos sk\u00f3t nemesifj\u00fa \u00e1llt be a hadseregbe, csak az\u00e9rt, hogy a hagyom\u00e1nyos n\u00e9pviselethez legal\u00e1bb valami hasonl\u00f3t hordhasson. Mire sor ker\u00fclt a t\u00f6rv\u00e9ny visszavon\u00e1s\u00e1ra, a sk\u00f3t n\u00e9p sz\u00e1m\u00e1ra a n\u00e9pviselet m\u00e1r sokkal ink\u00e1bb volt \u00fcnnepi \u00f6lt\u00f6zet, mint h\u00e9tk\u00f6znapi, s a nemzeti \u00f6ntudat hagyom\u00e1nyokhoz val\u00f3 romantikus k\u00f6t\u0151d\u00e9ss\u00e9 lett.<\/p>\r\n<p>&nbsp;<\/p>\r\n<p>[gallery size=\"large\" columns=\"4\" ids=\"1772,1773,1774,1776\"]<\/p>\r\n<h2 style=\"text-align: center\">Az Eszterh\u00e1zy kock\u00e1s\u00a0<\/h2>\r\n<p>Az Eszterh\u00e1zy kock\u00e1s minta (Prince of Wales check) VIII. Edward nagyapj\u00e1r\u00f3l, VII. Edwardr\u00f3l kapta a nev\u00e9t. \u0150 vezette be a fels\u0151 t\u00edzezer haszn\u00e1lat\u00e1ra. T\u00e1voli rokona a kock\u00e1s \u00e9s a sk\u00f3t kock\u00e1s mint\u00e1knak, azonban sokkal ink\u00e1bb huszadik sz\u00e1zadi, mint az ut\u00f3bbi \u00e9s kifinomultabb, mint az el\u0151bbi.<\/p>\r\n<p>A 19. sz\u00e1zad elej\u00e9n\u00a0 Countess of Seafield in the valley of Glenurquhart viselte Invernesshire-ben. Itt tal\u00e1lkozott a Walesi herceggel, aki gyakran vad\u00e1szott arrafel\u00e9 \u00e9s megihlette ez a minta. Saj\u00e1t v\u00e1ltozatot k\u00e9sz\u00edttetett, melyet unok\u00e1ja n\u00e9pszer\u0171s\u00edt napjainkban is .<\/p>\r\n<p>Ez a kock\u00e1s minta 2 er\u0151s vonalb\u00f3l \u00e9s 2 v\u00e9konyb\u00f3l \u00e1ll, mely v\u00e1ltakozik 4 er\u0151s, 4 v\u00e9kony vonallal, melyet rendszeres id\u0151k\u00f6z\u00f6nk\u00e9nt visszat\u00e9r\u0151 apr\u00f3 f\u0171r\u00e9szfog t\u00f6r meg. Az anyagba n\u00e9ha \u00e9l\u00e9nk sz\u00edneket is belesz\u0151nek.<\/p>\r\n<p>[gallery size=\"large\" columns=\"4\" ids=\"1769,1778,1767,1766\"]<\/p>\r\n<p>M\u00e1s kock\u00e1s mint\u00e1k is el\u0151fordulnak, mindenf\u00e9le v\u00e1ltozatban, term\u00e9szetesen a kieg\u00e9sz\u00edt\u0151k k\u00f6z\u00f6tt is h\u00f3d\u00edt majd a kock\u00e1s.<\/p>\r\n<p>[gallery columns=\"4\" size=\"large\" ids=\"1779,1777,1771,1768\"]<\/p>\r\n<p>Nektek mi k\u00e9sz\u00fcl bel\u0151le? Nadr\u00e1g? Kab\u00e1t? Bl\u00e9zer?<\/p>\r\n<p><img class=\"alignleft size-full wp-image-1770\" src=\"https:\/\/elevenruhatar.cafeblog.hu\/files\/2018\/02\/237e400e338e16ec963f4d34c46bc86c.jpg\" alt=\"\" width=\"377\" height=\"564\" \/><\/p>\r\n<p>&nbsp;<\/p>\r\n<p>&nbsp;<\/p>\r\n<p>&nbsp;<\/p>\r\n<p>&nbsp;<\/p>\r\n<p>&nbsp;<\/p>\r\n<p>&nbsp;<\/p>\r\n<p>Csak arra figyeljetek, hogy a cs\u00edkok illeszkedjenek az oldal\u00e1n\u00e1l!<\/p>\r\n<p>K\u00f6vess a <a href=\"https:\/\/www.facebook.com\/elevenruhatar\/\">Facebook<\/a> oldalamon is, vagy iratkozz fel a blogk\u00f6vet\u0151re naprak\u00e9sz st\u00edlustippek\u00e9rt.<\/p>\r\n<p>Cs\u00f3k, Gy\u00f6ngyi<\/p>\r\n<p>&nbsp;<\/p>\r\n<p>Forr\u00e1s: <a href=\"http:\/\/www.clanmacepona.gportal.hu\/gindex.php?pg=19846446&amp;nid=3260407\">Clan Macepona<\/a> oldala, <a href=\"https:\/\/www.tailoronten.com\/blogs\/news\/53574597-the-prince-of-wales-check-a-pattern-with-character\">Tailorten<\/a> oldala ,<a href=\"https:\/\/hu.pinterest.com\/elevenmuhely\/kock%C3%A1s\/\"> Pinterest<\/a>\u00a0<\/p>\r\n<p>&nbsp;<\/p>","type":"rich"}